{"id":607,"date":"2014-06-15T09:38:33","date_gmt":"2014-06-15T08:38:33","guid":{"rendered":"http:\/\/trans-pkr.fr\/?page_id=607"},"modified":"2016-05-23T09:42:51","modified_gmt":"2016-05-23T08:42:51","slug":"operation-laser-myopie-soleil","status":"publish","type":"page","link":"https:\/\/trans-pkr.fr\/en\/operation-laser-myopie-soleil\/","title":{"rendered":"Op\u00e9ration laser myopie et soleil"},"content":{"rendered":"<p>Tous les candidats s\u00e9rieux qui se sont bien document\u00e9s avant de sauter le pas nous posent cette question craignant de devoir passer tout l\u2019\u00e9t\u00e9 \u00e0 l\u2019ombre de lunettes noires, c\u2019est m\u00eame pour moi devenu un test : quand \u00e0 la fin de la visite pr\u00e9alable ils me posent du bout des l\u00e8vres la question: \u00ab\u00a0c\u2019est bient\u00f4t les beaux jours, peut \u00eatre qu\u2019il vaut mieux attendre l\u2019automne pour se faire op\u00e9rer? \u00bb, je pense aussit\u00f4t en moi-m\u00eame : \u00ab\u00a0c\u2019est bien, voici quelqu&rsquo;un de\u00a0consciencieux et prudent : il suivra les consignes pr\u00e9 et post-op\u00e9ratoires \u00e0 la lettre\u00a0\u00bb ce qui est une des cl\u00e9s du succ\u00e8s.<br \/>\nIl est vrai qu\u2019en r\u00e9gion parisienne le probl\u00e8me se pose moins qu\u2019aux Antilles ou \u00e0 la R\u00e9union o\u00f9 nos coll\u00e8gues op\u00e8rent quand m\u00eame en toute s\u00e9r\u00e9nit\u00e9 toute l\u2019ann\u00e9e. Mais il se peut qu\u2019un patient subisse l&rsquo;op\u00e9ration laser \u00e0 Paris et parte ensuite dans la foul\u00e9e passer un mois sous les Tropiques.<br \/>\nCette question, qui inqui\u00e8te beaucoup de candidats au Lasik, semble un peu surestim\u00e9e aux yeux de nombreux ophtalmologistes, elle n\u00e9cessite quand m\u00eame des r\u00e9ponses claires :<br \/>\n<strong>Oui, on peut se faire op\u00e9rer en toutes saisons.<\/strong><br \/>\n<strong>Oui, il faudra porter des verres filtrants teint\u00e9s<\/strong> (classe 3 me semblent suffisants sous nos latitudes), il existe des classe 3 photochromiques qui virent en classe 4 au soleil.<br \/>\nLa couleur marron est\u00a0souvent appr\u00e9ci\u00e9e par les myopes mais pas obligatoire.<br \/>\n<strong>Non, il ne faut pas les porter toute la journ\u00e9e mais seulement en situation de forte exposition solaire<\/strong> ( pendant environ 3 mois pour une PKR ou une\u00a0Trans-PKR, un peu moins en Lasik).<\/p>\n<p>Cela dit aujourd\u2019hui on recommande les verres teint\u00e9s pour tous, m\u00eame sans chirurgie laser. Cela \u00e9vite bon nombre de probl\u00e8mes de toxicit\u00e9 solaire, notamment maculaire.<\/p>\n<p><script type=\"text\/javascript\">\/\/ <![CDATA[\n(function(i,s,o,g,r,a,m){i['GoogleAnalyticsObject']=r;i[r]=i[r]||function(){   (i[r].q=i[r].q||[]).push(arguments)},i[r].l=1*new Date();a=s.createElement(o),   m=s.getElementsByTagName(o)[0];a.async=1;a.src=g;m.parentNode.insertBefore(a,m)   })(window,document,'script','\/\/www.google-analytics.com\/analytics.js','ga');  ga('create', 'UA-51099997-2', 'auto');   ga('send', 'pageview');\n\/\/ ]]><\/script><\/p>\n","protected":false},"excerpt":{"rendered":"<p>Tous les candidats s\u00e9rieux qui se sont bien document\u00e9s avant de sauter le pas nous posent cette question craignant de devoir passer tout l\u2019\u00e9t\u00e9 \u00e0 l\u2019ombre de lunettes noires, c\u2019est m\u00eame pour moi devenu un test : quand \u00e0 la fin de la visite pr\u00e9alable ils me posent du bout des l\u00e8vres la question: \u00ab\u00a0c\u2019est [&hellip;]<\/p>\n","protected":false},"author":1,"featured_media":0,"parent":0,"menu_order":0,"comment_status":"open","ping_status":"open","template":"","meta":{"inline_featured_image":false,"footnotes":""},"class_list":["post-607","page","type-page","status-publish","hentry"],"yoast_head":"<!-- This site is optimized with the Yoast SEO plugin v27.5 - https:\/\/yoast.com\/product\/yoast-seo-wordpress\/ -->\n<title>Op\u00e9ration laser de la myopie et exposition au soleil: explications<\/title>\n<meta name=\"description\" content=\"Op\u00e9ration laser des yeux et exposition solaire: Peut-on se faire op\u00e9rer en toutes saisons ou bien retarder la chirurgie \u00e0 l&#039;automne? Faut-il porter des verres filtrants teint\u00e9s?\" \/>\n<meta name=\"robots\" content=\"index, follow, max-snippet:-1, max-image-preview:large, max-video-preview:-1\" \/>\n<link rel=\"canonical\" href=\"https:\/\/trans-pkr.fr\/en\/operation-laser-myopie-soleil\/\" \/>\n<meta property=\"og:locale\" content=\"en_GB\" \/>\n<meta property=\"og:type\" content=\"article\" \/>\n<meta property=\"og:title\" content=\"Op\u00e9ration laser de la myopie et exposition au soleil: explications\" \/>\n<meta property=\"og:description\" content=\"Op\u00e9ration laser des yeux et exposition solaire: Peut-on se faire op\u00e9rer en toutes saisons ou bien retarder la chirurgie \u00e0 l&#039;automne? Faut-il porter des verres filtrants teint\u00e9s?\" \/>\n<meta property=\"og:url\" content=\"https:\/\/trans-pkr.fr\/en\/operation-laser-myopie-soleil\/\" \/>\n<meta property=\"og:site_name\" content=\"Op\u00e9rations des yeux 100% Laser Sans Contact\" \/>\n<meta property=\"article:modified_time\" content=\"2016-05-23T08:42:51+00:00\" \/>\n<meta name=\"twitter:label1\" content=\"Estimated reading time\" \/>\n\t<meta name=\"twitter:data1\" content=\"2 minutes\" \/>\n<script type=\"application\/ld+json\" class=\"yoast-schema-graph\">{\"@context\":\"https:\\\/\\\/schema.org\",\"@graph\":[{\"@type\":\"WebPage\",\"@id\":\"https:\\\/\\\/trans-pkr.fr\\\/operation-laser-myopie-soleil\\\/\",\"url\":\"https:\\\/\\\/trans-pkr.fr\\\/operation-laser-myopie-soleil\\\/\",\"name\":\"Op\u00e9ration laser de la myopie et exposition au soleil: explications\",\"isPartOf\":{\"@id\":\"https:\\\/\\\/trans-pkr.fr\\\/#website\"},\"datePublished\":\"2014-06-15T08:38:33+00:00\",\"dateModified\":\"2016-05-23T08:42:51+00:00\",\"description\":\"Op\u00e9ration laser des yeux et exposition solaire: Peut-on se faire op\u00e9rer en toutes saisons ou bien retarder la chirurgie \u00e0 l'automne? Faut-il porter des verres filtrants teint\u00e9s?\",\"breadcrumb\":{\"@id\":\"https:\\\/\\\/trans-pkr.fr\\\/operation-laser-myopie-soleil\\\/#breadcrumb\"},\"inLanguage\":\"en-GB\",\"potentialAction\":[{\"@type\":\"ReadAction\",\"target\":[\"https:\\\/\\\/trans-pkr.fr\\\/operation-laser-myopie-soleil\\\/\"]}]},{\"@type\":\"BreadcrumbList\",\"@id\":\"https:\\\/\\\/trans-pkr.fr\\\/operation-laser-myopie-soleil\\\/#breadcrumb\",\"itemListElement\":[{\"@type\":\"ListItem\",\"position\":1,\"name\":\"Accueil\",\"item\":\"https:\\\/\\\/trans-pkr.fr\\\/\"},{\"@type\":\"ListItem\",\"position\":2,\"name\":\"Op\u00e9ration laser myopie et soleil\"}]},{\"@type\":\"WebSite\",\"@id\":\"https:\\\/\\\/trans-pkr.fr\\\/#website\",\"url\":\"https:\\\/\\\/trans-pkr.fr\\\/\",\"name\":\"Op\u00e9rations des yeux 100% Laser Sans Contact: La Trans PKR\",\"description\":\"\",\"publisher\":{\"@id\":\"https:\\\/\\\/trans-pkr.fr\\\/#organization\"},\"alternateName\":\"Trans PKR - Vision Laser\",\"potentialAction\":[{\"@type\":\"SearchAction\",\"target\":{\"@type\":\"EntryPoint\",\"urlTemplate\":\"https:\\\/\\\/trans-pkr.fr\\\/?s={search_term_string}\"},\"query-input\":{\"@type\":\"PropertyValueSpecification\",\"valueRequired\":true,\"valueName\":\"search_term_string\"}}],\"inLanguage\":\"en-GB\"},{\"@type\":\"Organization\",\"@id\":\"https:\\\/\\\/trans-pkr.fr\\\/#organization\",\"name\":\"Vision Laser\",\"alternateName\":\"Trans PKR\",\"url\":\"https:\\\/\\\/trans-pkr.fr\\\/\",\"logo\":{\"@type\":\"ImageObject\",\"inLanguage\":\"en-GB\",\"@id\":\"https:\\\/\\\/trans-pkr.fr\\\/#\\\/schema\\\/logo\\\/image\\\/\",\"url\":\"https:\\\/\\\/trans-pkr.fr\\\/wp-content\\\/uploads\\\/2024\\\/07\\\/cropped-cropped-IMG-20240719-WA0248.jpg\",\"contentUrl\":\"https:\\\/\\\/trans-pkr.fr\\\/wp-content\\\/uploads\\\/2024\\\/07\\\/cropped-cropped-IMG-20240719-WA0248.jpg\",\"width\":512,\"height\":512,\"caption\":\"Vision Laser\"},\"image\":{\"@id\":\"https:\\\/\\\/trans-pkr.fr\\\/#\\\/schema\\\/logo\\\/image\\\/\"},\"sameAs\":[\"https:\\\/\\\/www.youtube.com\\\/@Centrevisionlaser\",\"https:\\\/\\\/www.instagram.com\\\/centre_vision_laser\\\/\",\"https:\\\/\\\/www.tiktok.com\\\/@centre.vision.las\",\"https:\\\/\\\/wa.me\\\/33759596369\"]}]}<\/script>\n<!-- \/ Yoast SEO plugin. -->","yoast_head_json":{"title":"Op\u00e9ration laser de la myopie et exposition au soleil: explications","description":"Op\u00e9ration laser des yeux et exposition solaire: Peut-on se faire op\u00e9rer en toutes saisons ou bien retarder la chirurgie \u00e0 l'automne? Faut-il porter des verres filtrants teint\u00e9s?","robots":{"index":"index","follow":"follow","max-snippet":"max-snippet:-1","max-image-preview":"max-image-preview:large","max-video-preview":"max-video-preview:-1"},"canonical":"https:\/\/trans-pkr.fr\/en\/operation-laser-myopie-soleil\/","og_locale":"en_GB","og_type":"article","og_title":"Op\u00e9ration laser de la myopie et exposition au soleil: explications","og_description":"Op\u00e9ration laser des yeux et exposition solaire: Peut-on se faire op\u00e9rer en toutes saisons ou bien retarder la chirurgie \u00e0 l'automne? Faut-il porter des verres filtrants teint\u00e9s?","og_url":"https:\/\/trans-pkr.fr\/en\/operation-laser-myopie-soleil\/","og_site_name":"Op\u00e9rations des yeux 100% Laser Sans Contact","article_modified_time":"2016-05-23T08:42:51+00:00","twitter_misc":{"Estimated reading time":"2 minutes"},"schema":{"@context":"https:\/\/schema.org","@graph":[{"@type":"WebPage","@id":"https:\/\/trans-pkr.fr\/operation-laser-myopie-soleil\/","url":"https:\/\/trans-pkr.fr\/operation-laser-myopie-soleil\/","name":"Op\u00e9ration laser de la myopie et exposition au soleil: explications","isPartOf":{"@id":"https:\/\/trans-pkr.fr\/#website"},"datePublished":"2014-06-15T08:38:33+00:00","dateModified":"2016-05-23T08:42:51+00:00","description":"Op\u00e9ration laser des yeux et exposition solaire: Peut-on se faire op\u00e9rer en toutes saisons ou bien retarder la chirurgie \u00e0 l'automne? Faut-il porter des verres filtrants teint\u00e9s?","breadcrumb":{"@id":"https:\/\/trans-pkr.fr\/operation-laser-myopie-soleil\/#breadcrumb"},"inLanguage":"en-GB","potentialAction":[{"@type":"ReadAction","target":["https:\/\/trans-pkr.fr\/operation-laser-myopie-soleil\/"]}]},{"@type":"BreadcrumbList","@id":"https:\/\/trans-pkr.fr\/operation-laser-myopie-soleil\/#breadcrumb","itemListElement":[{"@type":"ListItem","position":1,"name":"Accueil","item":"https:\/\/trans-pkr.fr\/"},{"@type":"ListItem","position":2,"name":"Op\u00e9ration laser myopie et soleil"}]},{"@type":"WebSite","@id":"https:\/\/trans-pkr.fr\/#website","url":"https:\/\/trans-pkr.fr\/","name":"100% Laser Contactless Eye Operations: Trans PKR","description":"","publisher":{"@id":"https:\/\/trans-pkr.fr\/#organization"},"alternateName":"Trans PKR - Vision Laser","potentialAction":[{"@type":"SearchAction","target":{"@type":"EntryPoint","urlTemplate":"https:\/\/trans-pkr.fr\/?s={search_term_string}"},"query-input":{"@type":"PropertyValueSpecification","valueRequired":true,"valueName":"search_term_string"}}],"inLanguage":"en-GB"},{"@type":"Organization","@id":"https:\/\/trans-pkr.fr\/#organization","name":"Vision Laser","alternateName":"Trans PKR","url":"https:\/\/trans-pkr.fr\/","logo":{"@type":"ImageObject","inLanguage":"en-GB","@id":"https:\/\/trans-pkr.fr\/#\/schema\/logo\/image\/","url":"https:\/\/trans-pkr.fr\/wp-content\/uploads\/2024\/07\/cropped-cropped-IMG-20240719-WA0248.jpg","contentUrl":"https:\/\/trans-pkr.fr\/wp-content\/uploads\/2024\/07\/cropped-cropped-IMG-20240719-WA0248.jpg","width":512,"height":512,"caption":"Vision Laser"},"image":{"@id":"https:\/\/trans-pkr.fr\/#\/schema\/logo\/image\/"},"sameAs":["https:\/\/www.youtube.com\/@Centrevisionlaser","https:\/\/www.instagram.com\/centre_vision_laser\/","https:\/\/www.tiktok.com\/@centre.vision.las","https:\/\/wa.me\/33759596369"]}]}},"jetpack_sharing_enabled":true,"_links":{"self":[{"href":"https:\/\/trans-pkr.fr\/en\/wp-json\/wp\/v2\/pages\/607","targetHints":{"allow":["GET"]}}],"collection":[{"href":"https:\/\/trans-pkr.fr\/en\/wp-json\/wp\/v2\/pages"}],"about":[{"href":"https:\/\/trans-pkr.fr\/en\/wp-json\/wp\/v2\/types\/page"}],"author":[{"embeddable":true,"href":"https:\/\/trans-pkr.fr\/en\/wp-json\/wp\/v2\/users\/1"}],"replies":[{"embeddable":true,"href":"https:\/\/trans-pkr.fr\/en\/wp-json\/wp\/v2\/comments?post=607"}],"version-history":[{"count":1,"href":"https:\/\/trans-pkr.fr\/en\/wp-json\/wp\/v2\/pages\/607\/revisions"}],"predecessor-version":[{"id":1346,"href":"https:\/\/trans-pkr.fr\/en\/wp-json\/wp\/v2\/pages\/607\/revisions\/1346"}],"wp:attachment":[{"href":"https:\/\/trans-pkr.fr\/en\/wp-json\/wp\/v2\/media?parent=607"}],"curies":[{"name":"wp","href":"https:\/\/api.w.org\/{rel}","templated":true}]}}